{"id":5068,"date":"2023-11-08T16:05:43","date_gmt":"2023-11-08T15:05:43","guid":{"rendered":"https:\/\/thememobook.si\/izdelek\/spominska-knjiga-mojih-18-let-zelena\/"},"modified":"2026-01-05T17:51:20","modified_gmt":"2026-01-05T16:51:20","slug":"knjiga-uspomena-mojih-18-godina-zelena","status":"publish","type":"product","link":"https:\/\/thememobook.si\/hr\/proizvod\/knjiga-uspomena-mojih-18-godina-zelena\/","title":{"rendered":"Knjiga uspomena Mojih 18 godina &#8211; ZELENA"},"content":{"rendered":"\t\t<div data-elementor-type=\"product-post\" data-elementor-id=\"5068\" class=\"elementor elementor-5068\">\n\t\t\t\t<div class=\"elementor-element elementor-element-c62bd7c e-flex e-con-boxed e-con e-parent\" data-id=\"c62bd7c\" data-element_type=\"container\">\n\t\t\t\t\t<div class=\"e-con-inner\">\n\t\t<div class=\"elementor-element elementor-element-ca99805 e-con-full e-flex e-con e-parent\" data-id=\"ca99805\" data-element_type=\"container\">\n\t\t\t\t<div class=\"elementor-element elementor-element-b294557 elementor-widget elementor-widget-heading\" data-id=\"b294557\" data-element_type=\"widget\" data-widget_type=\"heading.default\">\n\t\t\t\t<div class=\"elementor-widget-container\">\n\t\t\t\t\t<h3 class=\"elementor-heading-title elementor-size-default\">Sadr\u017eaj<\/h3>\t\t\t\t<\/div>\n\t\t\t\t<\/div>\n\t\t\t\t<div class=\"elementor-element elementor-element-c8feb36 elementor-widget elementor-widget-text-editor\" data-id=\"c8feb36\" data-element_type=\"widget\" data-widget_type=\"text-editor.default\">\n\t\t\t\t<div class=\"elementor-widget-container\">\n\t\t\t\t\t\t\t\t\t<p>Sadr\u017eaj knjige podijeljen je u <strong>9 poglavlja<\/strong>\u00a0kroz koja mo\u017eemo zabilje\u017eiti djetetovu pri\u010du od vremena u trbu\u0161\u010di\u0107u do 18. ro\u0111endana:<\/p><ol><li>PRI\u010cA MOJIH RODITELJA<\/li><li>MOJE RO\u0110ENJE<\/li><li>MOJA OBITELJ<\/li><li>MOJIH PRVIH 12 MJESECI<\/li><li>MOJI RO\u0110ENDANI (1-18 godina)<\/li><li>ZA SVE POSTOJI PRVI PUT<\/li><li>MOJI IZLETI I PUTOVANJA<\/li><li>O MENI<\/li><li>PISMA ZA MENE<\/li><\/ol><div>Unutra\u0161njost knjige je\u00a0<strong>na<\/strong>\u00a0<strong>hrvatskom jeziku<\/strong>.<\/div>\t\t\t\t\t\t\t\t<\/div>\n\t\t\t\t<\/div>\n\t\t\t\t<\/div>\n\t\t<div class=\"elementor-element elementor-element-ee2f952 e-con-full e-flex e-con e-parent\" data-id=\"ee2f952\" data-element_type=\"container\">\n\t\t\t\t<div class=\"elementor-element elementor-element-9a28157 elementor-widget elementor-widget-heading\" data-id=\"9a28157\" data-element_type=\"widget\" data-widget_type=\"heading.default\">\n\t\t\t\t<div class=\"elementor-widget-container\">\n\t\t\t\t\t<h3 class=\"elementor-heading-title elementor-size-default\">Specifikacije<\/h3>\t\t\t\t<\/div>\n\t\t\t\t<\/div>\n\t\t\t\t<div class=\"elementor-element elementor-element-b48d8b8 elementor-widget elementor-widget-text-editor\" data-id=\"b48d8b8\" data-element_type=\"widget\" data-widget_type=\"text-editor.default\">\n\t\t\t\t<div class=\"elementor-widget-container\">\n\t\t\t\t\t\t\t\t\t<table class=\"woocommerce-product-attributes shop_attributes\">\n<tbody>\n<tr class=\"woocommerce-product-attributes-item woocommerce-product-attributes-item--attribute_barva-platnic\">\n<th class=\"woocommerce-product-attributes-item__label\">Boje korica<\/th>\n<td class=\"woocommerce-product-attributes-item__value\">Be\u017e, siva, roza, plava ili zelena<\/td>\n<\/tr>\n<tr class=\"woocommerce-product-attributes-item woocommerce-product-attributes-item--attribute_dimenzije-knjige\">\n<th class=\"woocommerce-product-attributes-item__label\">Dimenzije<\/th>\n<td class=\"woocommerce-product-attributes-item__value\">32x23cm<\/td>\n<\/tr>\n<tr class=\"woocommerce-product-attributes-item woocommerce-product-attributes-item--attribute_%c5%a1tevilo-strani\">\n<th class=\"woocommerce-product-attributes-item__label\">Opseg<\/th>\n<td class=\"woocommerce-product-attributes-item__value\">192 stranica, 120g papir<\/td>\n<\/tr>\n<tr class=\"woocommerce-product-attributes-item woocommerce-product-attributes-item--attribute_prostor-za-fotografije\">\n<th class=\"woocommerce-product-attributes-item__label\">Konceptv 3u1<\/th>\n<td class=\"woocommerce-product-attributes-item__value\">dnevnik trudno\u0107e, radosnica za bebu i dje\u010dji album u jednom<\/td>\n<\/tr>\n<tr class=\"woocommerce-product-attributes-item woocommerce-product-attributes-item--attribute_pa_ime\">\n<th class=\"woocommerce-product-attributes-item__label\">Fotografije<\/th>\n<td class=\"woocommerce-product-attributes-item__value\">Mjesta za vi\u0161e od 160 fotografija veli\u010dine 10x15cm<\/td>\n<\/tr>\n<tr class=\"woocommerce-product-attributes-item woocommerce-product-attributes-item--attribute_pa_ime\">\n<th class=\"woocommerce-product-attributes-item__label\">Personalizacija<\/th>\n<td class=\"woocommerce-product-attributes-item__value\">Ime djeteta na korici<\/td>\n<\/tr>\n<tr class=\"woocommerce-product-attributes-item woocommerce-product-attributes-item--attribute_pa_ime\">\n<th class=\"woocommerce-product-attributes-item__label\">Tvrdi uvez<\/th>\n<td class=\"woocommerce-product-attributes-item__value\">Izra\u0111eno v Sloveniji<\/td>\n<\/tr>\n<\/tbody>\n<\/table>\t\t\t\t\t\t\t\t<\/div>\n\t\t\t\t<\/div>\n\t\t\t\t<\/div>\n\t\t\t\t\t<\/div>\n\t\t\t\t<\/div>\n\t\t<div class=\"elementor-element elementor-element-8487b4d e-flex e-con-boxed e-con e-parent\" data-id=\"8487b4d\" data-element_type=\"container\">\n\t\t\t\t\t<div class=\"e-con-inner\">\n\t\t<div class=\"elementor-element elementor-element-0b40595 e-con-full e-flex e-con e-parent\" data-id=\"0b40595\" data-element_type=\"container\">\n\t\t\t\t<div class=\"elementor-element elementor-element-241bbd5 elementor-widget elementor-widget-heading\" data-id=\"241bbd5\" data-element_type=\"widget\" data-widget_type=\"heading.default\">\n\t\t\t\t<div class=\"elementor-widget-container\">\n\t\t\t\t\t<h3 class=\"elementor-heading-title elementor-size-default\">Savjeti<\/h3>\t\t\t\t<\/div>\n\t\t\t\t<\/div>\n\t\t\t\t<div class=\"elementor-element elementor-element-0401145 elementor-widget elementor-widget-text-editor\" data-id=\"0401145\" data-element_type=\"widget\" data-widget_type=\"text-editor.default\">\n\t\t\t\t<div class=\"elementor-widget-container\">\n\t\t\t\t\t\t\t\t\t<p>Za pisanje koristite kemijsku olovku koja se ne razmazuje i ne ostavlja tragove. Predla\u017eemo da olovku isprobate na podru\u010dju koje \u0107ete kasnije prekriti fotografijom. Za lijepljenje fotografija preporu\u010damo ljepljivu traku\/mi\u0161 ili dvostrane foto naljepnice. Ne preporu\u010damo kori\u0161tenje teku\u0107eg ljepila. \u010cuvajte knjigu dalje od izravnog svjetla i vlage te u vodoravnom polo\u017eaju.<\/p>\t\t\t\t\t\t\t\t<\/div>\n\t\t\t\t<\/div>\n\t\t\t\t<\/div>\n\t\t<div class=\"elementor-element elementor-element-2988e81 e-con-full e-flex e-con e-parent\" data-id=\"2988e81\" data-element_type=\"container\">\n\t\t\t\t<div class=\"elementor-element elementor-element-ffb4e3a elementor-widget elementor-widget-heading\" data-id=\"ffb4e3a\" data-element_type=\"widget\" data-widget_type=\"heading.default\">\n\t\t\t\t<div class=\"elementor-widget-container\">\n\t\t\t\t\t<h3 class=\"elementor-heading-title elementor-size-default\">Va\u017ene informacije<\/h3>\t\t\t\t<\/div>\n\t\t\t\t<\/div>\n\t\t\t\t<div class=\"elementor-element elementor-element-6fc6817 elementor-widget elementor-widget-text-editor\" data-id=\"6fc6817\" data-element_type=\"widget\" data-widget_type=\"text-editor.default\">\n\t\t\t\t<div class=\"elementor-widget-container\">\n\t\t\t\t\t\t\t\t\t<p>Isporuka personaliziranih proizvoda je za <strong>3-5 radnih dana<\/strong> od primitka uplate. Pakete dostavlja dostavna slu\u017eba GLS Hrvatska.<\/p><p>Personaliziranih proizvoda nije mogu\u0107e vratiti niti zamijeniti, osim u slu\u010daju materijalne \u0161tete ili nedostatka.<\/p>\t\t\t\t\t\t\t\t<\/div>\n\t\t\t\t<\/div>\n\t\t\t\t<\/div>\n\t\t\t\t\t<\/div>\n\t\t\t\t<\/div>\n\t\t\t\t<\/div>\n\t\t","protected":false},"excerpt":{"rendered":"<p><strong>Mojih 18 godina dje\u010dja je knjiga uspomena, stvorena s ciljem da bude najbolji poklon va\u0161em djetetu za njegov 18. ro\u0111endan.<\/strong><\/p>\n<p>Knjiga je osmi\u0161ljena po konceptu<strong>\u00a03u1<\/strong>, \u0161to zna\u010di da je istovremeno i dnevnik trudno\u0107e, radosnica za bebu i dje\u010dji album u jednom. Od ostalih albuma na tr\u017ei\u0161tu razlikuje se po bezvremenskom dizajnu, sadr\u017eaju koji se lako popunjava i za nekoliko godina unatrag te poglavlju <strong>Moji ro\u0111endani<\/strong>\u00a0gdje mo\u017eete spremiti \u010dak 18 ro\u0111endana va\u0161eg djeteta!<\/p>\n<p>Korice knjige mogu se\u00a0<strong>personalizirati<\/strong>\u00a0s imenom djeteta.<\/p>\n<p><em>Mojih 18 godina savr\u0161en je izbor za poklon trudnici ili novim roditeljima!<\/em><\/p>\n<p>&nbsp;<\/p>\n","protected":false},"featured_media":4746,"template":"","meta":{"inline_featured_image":false},"product_brand":[],"product_cat":[70],"product_tag":[],"class_list":{"0":"post-5068","1":"product","2":"type-product","3":"status-publish","4":"has-post-thumbnail","6":"product_cat-knjiga-hr","8":"first","9":"instock","10":"shipping-taxable","11":"purchasable","12":"product-type-simple"},"jetpack_sharing_enabled":true,"_links":{"self":[{"href":"https:\/\/thememobook.si\/hr\/wp-json\/wp\/v2\/product\/5068","targetHints":{"allow":["GET"]}}],"collection":[{"href":"https:\/\/thememobook.si\/hr\/wp-json\/wp\/v2\/product"}],"about":[{"href":"https:\/\/thememobook.si\/hr\/wp-json\/wp\/v2\/types\/product"}],"version-history":[{"count":13,"href":"https:\/\/thememobook.si\/hr\/wp-json\/wp\/v2\/product\/5068\/revisions"}],"predecessor-version":[{"id":8637,"href":"https:\/\/thememobook.si\/hr\/wp-json\/wp\/v2\/product\/5068\/revisions\/8637"}],"wp:featuredmedia":[{"embeddable":true,"href":"https:\/\/thememobook.si\/hr\/wp-json\/wp\/v2\/media\/4746"}],"wp:attachment":[{"href":"https:\/\/thememobook.si\/hr\/wp-json\/wp\/v2\/media?parent=5068"}],"wp:term":[{"taxonomy":"product_brand","embeddable":true,"href":"https:\/\/thememobook.si\/hr\/wp-json\/wp\/v2\/product_brand?post=5068"},{"taxonomy":"product_cat","embeddable":true,"href":"https:\/\/thememobook.si\/hr\/wp-json\/wp\/v2\/product_cat?post=5068"},{"taxonomy":"product_tag","embeddable":true,"href":"https:\/\/thememobook.si\/hr\/wp-json\/wp\/v2\/product_tag?post=5068"}],"curies":[{"name":"wp","href":"https:\/\/api.w.org\/{rel}","templated":true}]}}